{"id":11162,"date":"2024-07-04T15:21:20","date_gmt":"2024-07-04T15:21:20","guid":{"rendered":"https:\/\/alfaloc.pt\/solicitar-certificado-ambiental\/"},"modified":"2025-02-04T15:25:56","modified_gmt":"2025-02-04T15:25:56","slug":"solicitar-certificado-ambiental","status":"publish","type":"page","link":"https:\/\/alfaloc.pt\/es\/solicitar-certificado-ambiental\/","title":{"rendered":"Solicitar Certificado Ambiental"},"content":{"rendered":"\t\t<div data-elementor-type=\"wp-page\" data-elementor-id=\"11162\" class=\"elementor elementor-11162 elementor-5191\" data-elementor-post-type=\"page\">\n\t\t\t\t<div class=\"elementor-element elementor-element-30f7590 e-flex e-con-boxed e-con e-parent\" data-id=\"30f7590\" data-element_type=\"container\">\n\t\t\t\t\t<div class=\"e-con-inner\">\n\t\t<div class=\"elementor-element elementor-element-e1de83b e-con-full e-flex e-con e-child\" data-id=\"e1de83b\" data-element_type=\"container\">\n\t\t\t\t<div class=\"elementor-element elementor-element-095d1bb elementor-widget__width-initial elementor-widget-mobile__width-inherit elementor-widget elementor-widget-heading\" data-id=\"095d1bb\" data-element_type=\"widget\" data-widget_type=\"heading.default\">\n\t\t\t\t<div class=\"elementor-widget-container\">\n\t\t\t<style>\/*! elementor - v3.22.0 - 17-06-2024 *\/\n.elementor-heading-title{padding:0;margin:0;line-height:1}.elementor-widget-heading .elementor-heading-title[class*=elementor-size-]>a{color:inherit;font-size:inherit;line-height:inherit}.elementor-widget-heading .elementor-heading-title.elementor-size-small{font-size:15px}.elementor-widget-heading .elementor-heading-title.elementor-size-medium{font-size:19px}.elementor-widget-heading .elementor-heading-title.elementor-size-large{font-size:29px}.elementor-widget-heading .elementor-heading-title.elementor-size-xl{font-size:39px}.elementor-widget-heading .elementor-heading-title.elementor-size-xxl{font-size:59px}<\/style><h2 class=\"elementor-heading-title elementor-size-default\">Todos los env\u00edos tienen un impacto en el medio ambiente.<\/h2>\t\t<\/div>\n\t\t\t\t<\/div>\n\t\t\t\t<div class=\"elementor-element elementor-element-807410d elementor-hidden-mobile elementor-widget elementor-widget-spacer\" data-id=\"807410d\" data-element_type=\"widget\" data-widget_type=\"spacer.default\">\n\t\t\t\t<div class=\"elementor-widget-container\">\n\t\t\t<style>\/*! elementor - v3.22.0 - 17-06-2024 *\/\n.elementor-column .elementor-spacer-inner{height:var(--spacer-size)}.e-con{--container-widget-width:100%}.e-con-inner>.elementor-widget-spacer,.e-con>.elementor-widget-spacer{width:var(--container-widget-width,var(--spacer-size));--align-self:var(--container-widget-align-self,initial);--flex-shrink:0}.e-con-inner>.elementor-widget-spacer>.elementor-widget-container,.e-con>.elementor-widget-spacer>.elementor-widget-container{height:100%;width:100%}.e-con-inner>.elementor-widget-spacer>.elementor-widget-container>.elementor-spacer,.e-con>.elementor-widget-spacer>.elementor-widget-container>.elementor-spacer{height:100%}.e-con-inner>.elementor-widget-spacer>.elementor-widget-container>.elementor-spacer>.elementor-spacer-inner,.e-con>.elementor-widget-spacer>.elementor-widget-container>.elementor-spacer>.elementor-spacer-inner{height:var(--container-widget-height,var(--spacer-size))}.e-con-inner>.elementor-widget-spacer.elementor-widget-empty,.e-con>.elementor-widget-spacer.elementor-widget-empty{position:relative;min-height:22px;min-width:22px}.e-con-inner>.elementor-widget-spacer.elementor-widget-empty .elementor-widget-empty-icon,.e-con>.elementor-widget-spacer.elementor-widget-empty .elementor-widget-empty-icon{position:absolute;top:0;bottom:0;left:0;right:0;margin:auto;padding:0;width:22px;height:22px}<\/style>\t\t<div class=\"elementor-spacer\">\n\t\t\t<div class=\"elementor-spacer-inner\"><\/div>\n\t\t<\/div>\n\t\t\t\t<\/div>\n\t\t\t\t<\/div>\n\t\t<div class=\"elementor-element elementor-element-46a3ad9 e-con-full e-flex e-con e-child\" data-id=\"46a3ad9\" data-element_type=\"container\">\n\t\t\t\t<div class=\"elementor-element elementor-element-fe4db87 elementor-widget-mobile__width-initial elementor-widget elementor-widget-text-editor\" data-id=\"fe4db87\" data-element_type=\"widget\" data-widget_type=\"text-editor.default\">\n\t\t\t\t<div class=\"elementor-widget-container\">\n\t\t\t<style>\/*! elementor - v3.22.0 - 17-06-2024 *\/\n.elementor-widget-text-editor.elementor-drop-cap-view-stacked .elementor-drop-cap{background-color:#69727d;color:#fff}.elementor-widget-text-editor.elementor-drop-cap-view-framed .elementor-drop-cap{color:#69727d;border:3px solid;background-color:transparent}.elementor-widget-text-editor:not(.elementor-drop-cap-view-default) .elementor-drop-cap{margin-top:8px}.elementor-widget-text-editor:not(.elementor-drop-cap-view-default) .elementor-drop-cap-letter{width:1em;height:1em}.elementor-widget-text-editor .elementor-drop-cap{float:left;text-align:center;line-height:1;font-size:50px}.elementor-widget-text-editor .elementor-drop-cap-letter{display:inline-block}<\/style>\t\t\t\t<p><strong>Pero con su elecci\u00f3n, este impacto se puede reducir. S\u00e9 parte del cambio. Pide ya tu certificado ambiental.  <\/strong><\/p>\n<p>En el curso habitual de la actividad econ\u00f3mica mundial, se realizan miles de env\u00edos cada d\u00eda. Todos los env\u00edos tienen un impacto ambiental, algunos menos que otros. Uno de los factores que determina el impacto ambiental de un env\u00edo es el tipo de transporte elegido y su gesti\u00f3n (\u00bfveh\u00edculo lleno o vac\u00edo?).  <\/p>\n<p>Por lo tanto, hay <a href=\"https:\/\/alfaloc.pt\/servicos-mais-sustentaveis\/\" target=\"_blank\" rel=\"noopener\">servicios que son m\u00e1s ecol\u00f3gicos<\/a> que otros. Y cada tipo tiene una emisi\u00f3n de CO2 asociada. <\/p>\n<p>El <strong>certificado alfaloc \u00abPor un medio ambiente m\u00e1s saludable\u00bb<\/strong> refleja informaci\u00f3n sobre las emisiones de CO2 resultantes de los env\u00edos de tu empresa durante el \u00faltimo a\u00f1o.<\/p>\n\t\t\t\t\t\t<\/div>\n\t\t\t\t<\/div>\n\t\t\t\t<div class=\"elementor-element elementor-element-e7d05cc elementor-widget-mobile__width-inherit elementor-widget elementor-widget-heading\" data-id=\"e7d05cc\" data-element_type=\"widget\" data-widget_type=\"heading.default\">\n\t\t\t\t<div class=\"elementor-widget-container\">\n\t\t\t<h3 class=\"elementor-heading-title elementor-size-default\">Pide ahora a tu empresa el certificado ambiental<\/h3>\t\t<\/div>\n\t\t\t\t<\/div>\n\t\t\t\t<div class=\"elementor-element elementor-element-38f2c35 elementor-widget-mobile__width-initial alfaloc-ul no-space elementor-widget elementor-widget-text-editor\" data-id=\"38f2c35\" data-element_type=\"widget\" data-widget_type=\"text-editor.default\">\n\t\t\t\t<div class=\"elementor-widget-container\">\n\t\t\t\t\t\t\t<p>Este certificado ambiental cuenta:<\/p>\n<ul>\n<li>El n\u00famero de servicios que ha realizado con Alfaloc en el \u00faltimo a\u00f1o;<\/li>\n<li>Las toneladas de CO2 emitidas como consecuencia de la realizaci\u00f3n de estos servicios;<\/li>\n<li>Recomendaciones para opciones m\u00e1s ecol\u00f3gicas.<\/li>\n<\/ul>\n<div>&nbsp;<\/div>\n<div>Conoce <a href=\"https:\/\/pegadaecologica.alfaloc.pt\/\">nuestros proyectos<\/a> en el \u00e1mbito del medio ambiente.<\/div>\t\t\t\t\t\t<\/div>\n\t\t\t\t<\/div>\n\t\t\t\t<div class=\"elementor-element elementor-element-645e7c1 elementor-widget elementor-widget-image\" data-id=\"645e7c1\" data-element_type=\"widget\" data-widget_type=\"image.default\">\n\t\t\t\t<div class=\"elementor-widget-container\">\n\t\t\t<style>\/*! elementor - v3.22.0 - 17-06-2024 *\/\n.elementor-widget-image{text-align:center}.elementor-widget-image a{display:inline-block}.elementor-widget-image a img[src$=\".svg\"]{width:48px}.elementor-widget-image img{vertical-align:middle;display:inline-block}<\/style>\t\t\t\t\t\t\t\t\t\t<img fetchpriority=\"high\" decoding=\"async\" width=\"768\" height=\"181\" src=\"https:\/\/alfaloc.pt\/wp-content\/uploads\/2023\/12\/alfaloc-certificado-768x181.jpg\" class=\"attachment-medium_large size-medium_large wp-image-9516\" alt=\"\" srcset=\"https:\/\/alfaloc.pt\/wp-content\/uploads\/2023\/12\/alfaloc-certificado-768x181.jpg 768w, https:\/\/alfaloc.pt\/wp-content\/uploads\/2023\/12\/alfaloc-certificado-300x71.jpg 300w, https:\/\/alfaloc.pt\/wp-content\/uploads\/2023\/12\/alfaloc-certificado-1024x242.jpg 1024w, https:\/\/alfaloc.pt\/wp-content\/uploads\/2023\/12\/alfaloc-certificado-1536x363.jpg 1536w, https:\/\/alfaloc.pt\/wp-content\/uploads\/2023\/12\/alfaloc-certificado.jpg 1579w\" sizes=\"(max-width: 768px) 100vw, 768px\" \/>\t\t\t\t\t\t\t\t\t\t\t\t\t<\/div>\n\t\t\t\t<\/div>\n\t\t\t\t<\/div>\n\t\t\t\t<\/div>\n\t\t<div class=\"elementor-element elementor-element-6028abe e-con-full e-flex e-con e-child\" data-id=\"6028abe\" data-element_type=\"container\">\n\t\t\t\t<div class=\"elementor-element elementor-element-886fc5e elementor-widget elementor-widget-html\" data-id=\"886fc5e\" data-element_type=\"widget\" data-widget_type=\"html.default\">\n\t\t\t\t<div class=\"elementor-widget-container\">\n\t\t\t<div class=\"eg-embed-ve2SeObX\"><\/div>\t\t<\/div>\n\t\t\t\t<\/div>\n\t\t\t\t<\/div>\n\t\t\t\t\t<\/div>\n\t\t\t\t<\/div>\n\t\t\t\t<\/div>\n\t\t","protected":false},"excerpt":{"rendered":"<p>Obtener el certificado ambiental de Alfaloc, demostrando compromiso con las pr\u00e1cticas de transporte y log\u00edstica sostenibles.<\/p>\n","protected":false},"author":1,"featured_media":9924,"parent":0,"menu_order":0,"comment_status":"closed","ping_status":"closed","template":"","meta":{"footnotes":""},"class_list":["post-11162","page","type-page","status-publish","has-post-thumbnail","hentry"],"yoast_head":"<!-- This site is optimized with the Yoast SEO Premium plugin v27.2 (Yoast SEO v27.2) - https:\/\/yoast.com\/product\/yoast-seo-premium-wordpress\/ -->\n<title>Solicitar Certificado Ambiental - Alfaloc<\/title>\n<meta name=\"description\" content=\"El certificado ambiental alfaloc refleja la informaci\u00f3n sobre las emisiones de CO2 resultantes de los env\u00edos de su empresa durante el \u00faltimo a\u00f1o.\" \/>\n<meta name=\"robots\" content=\"index, follow, max-snippet:-1, max-image-preview:large, max-video-preview:-1\" \/>\n<link rel=\"canonical\" href=\"https:\/\/alfaloc.pt\/es\/solicitar-certificado-ambiental\/\" \/>\n<meta property=\"og:locale\" content=\"es_ES\" \/>\n<meta property=\"og:type\" content=\"article\" \/>\n<meta property=\"og:title\" content=\"Solicitar Certificado Ambiental - Alfaloc\" \/>\n<meta property=\"og:description\" content=\"El certificado ambiental alfaloc refleja la informaci\u00f3n sobre las emisiones de CO2 resultantes de los env\u00edos de su empresa durante el \u00faltimo a\u00f1o.\" \/>\n<meta property=\"og:url\" content=\"https:\/\/alfaloc.pt\/es\/solicitar-certificado-ambiental\/\" \/>\n<meta property=\"og:site_name\" content=\"Alfaloc\" \/>\n<meta property=\"article:modified_time\" content=\"2025-02-04T15:25:56+00:00\" \/>\n<meta property=\"og:image\" content=\"https:\/\/alfaloc.pt\/wp-content\/uploads\/2024\/08\/pedir-certificado-2024.png\" \/>\n<meta name=\"twitter:card\" content=\"summary_large_image\" \/>\n<meta name=\"twitter:title\" content=\"Solicitar Certificado Ambiental - Alfaloc\" \/>\n<meta name=\"twitter:description\" content=\"El certificado ambiental alfaloc refleja la informaci\u00f3n sobre las emisiones de CO2 resultantes de los env\u00edos de su empresa durante el \u00faltimo a\u00f1o.\" \/>\n<meta name=\"twitter:label1\" content=\"Tiempo de lectura\" \/>\n\t<meta name=\"twitter:data1\" content=\"1 minuto\" \/>\n<script type=\"application\/ld+json\" class=\"yoast-schema-graph\">{\"@context\":\"https:\/\/schema.org\",\"@graph\":[{\"@type\":\"WebPage\",\"@id\":\"https:\/\/alfaloc.pt\/es\/solicitar-certificado-ambiental\/\",\"url\":\"https:\/\/alfaloc.pt\/es\/solicitar-certificado-ambiental\/\",\"name\":\"Solicitar Certificado Ambiental - Alfaloc\",\"isPartOf\":{\"@id\":\"https:\/\/alfaloc.pt\/es\/#website\"},\"primaryImageOfPage\":{\"@id\":\"https:\/\/alfaloc.pt\/es\/solicitar-certificado-ambiental\/#primaryimage\"},\"image\":{\"@id\":\"https:\/\/alfaloc.pt\/es\/solicitar-certificado-ambiental\/#primaryimage\"},\"thumbnailUrl\":\"https:\/\/alfaloc.pt\/wp-content\/uploads\/2024\/07\/alfaloc-certificado-ambiental-banner.jpg\",\"datePublished\":\"2024-07-04T15:21:20+00:00\",\"dateModified\":\"2025-02-04T15:25:56+00:00\",\"description\":\"El certificado ambiental alfaloc refleja la informaci\u00f3n sobre las emisiones de CO2 resultantes de los env\u00edos de su empresa durante el \u00faltimo a\u00f1o.\",\"breadcrumb\":{\"@id\":\"https:\/\/alfaloc.pt\/es\/solicitar-certificado-ambiental\/#breadcrumb\"},\"inLanguage\":\"es\",\"potentialAction\":[{\"@type\":\"ReadAction\",\"target\":[\"https:\/\/alfaloc.pt\/es\/solicitar-certificado-ambiental\/\"]}]},{\"@type\":\"ImageObject\",\"inLanguage\":\"es\",\"@id\":\"https:\/\/alfaloc.pt\/es\/solicitar-certificado-ambiental\/#primaryimage\",\"url\":\"https:\/\/alfaloc.pt\/wp-content\/uploads\/2024\/07\/alfaloc-certificado-ambiental-banner.jpg\",\"contentUrl\":\"https:\/\/alfaloc.pt\/wp-content\/uploads\/2024\/07\/alfaloc-certificado-ambiental-banner.jpg\",\"width\":1920,\"height\":432,\"caption\":\"Pegada ambiental Alfaloc\"},{\"@type\":\"BreadcrumbList\",\"@id\":\"https:\/\/alfaloc.pt\/es\/solicitar-certificado-ambiental\/#breadcrumb\",\"itemListElement\":[{\"@type\":\"ListItem\",\"position\":1,\"name\":\"In\u00edcio\",\"item\":\"https:\/\/alfaloc.pt\/es\/\"},{\"@type\":\"ListItem\",\"position\":2,\"name\":\"Solicitar Certificado Ambiental\"}]},{\"@type\":\"WebSite\",\"@id\":\"https:\/\/alfaloc.pt\/es\/#website\",\"url\":\"https:\/\/alfaloc.pt\/es\/\",\"name\":\"Alfaloc\",\"description\":\"\",\"potentialAction\":[{\"@type\":\"SearchAction\",\"target\":{\"@type\":\"EntryPoint\",\"urlTemplate\":\"https:\/\/alfaloc.pt\/es\/?s={search_term_string}\"},\"query-input\":{\"@type\":\"PropertyValueSpecification\",\"valueRequired\":true,\"valueName\":\"search_term_string\"}}],\"inLanguage\":\"es\"}]}<\/script>\n<!-- \/ Yoast SEO Premium plugin. -->","yoast_head_json":{"title":"Solicitar Certificado Ambiental - Alfaloc","description":"El certificado ambiental alfaloc refleja la informaci\u00f3n sobre las emisiones de CO2 resultantes de los env\u00edos de su empresa durante el \u00faltimo a\u00f1o.","robots":{"index":"index","follow":"follow","max-snippet":"max-snippet:-1","max-image-preview":"max-image-preview:large","max-video-preview":"max-video-preview:-1"},"canonical":"https:\/\/alfaloc.pt\/es\/solicitar-certificado-ambiental\/","og_locale":"es_ES","og_type":"article","og_title":"Solicitar Certificado Ambiental - Alfaloc","og_description":"El certificado ambiental alfaloc refleja la informaci\u00f3n sobre las emisiones de CO2 resultantes de los env\u00edos de su empresa durante el \u00faltimo a\u00f1o.","og_url":"https:\/\/alfaloc.pt\/es\/solicitar-certificado-ambiental\/","og_site_name":"Alfaloc","article_modified_time":"2025-02-04T15:25:56+00:00","og_image":[{"url":"https:\/\/alfaloc.pt\/wp-content\/uploads\/2024\/08\/pedir-certificado-2024.png","type":"","width":"","height":""}],"twitter_card":"summary_large_image","twitter_title":"Solicitar Certificado Ambiental - Alfaloc","twitter_description":"El certificado ambiental alfaloc refleja la informaci\u00f3n sobre las emisiones de CO2 resultantes de los env\u00edos de su empresa durante el \u00faltimo a\u00f1o.","twitter_misc":{"Tiempo de lectura":"1 minuto"},"schema":{"@context":"https:\/\/schema.org","@graph":[{"@type":"WebPage","@id":"https:\/\/alfaloc.pt\/es\/solicitar-certificado-ambiental\/","url":"https:\/\/alfaloc.pt\/es\/solicitar-certificado-ambiental\/","name":"Solicitar Certificado Ambiental - Alfaloc","isPartOf":{"@id":"https:\/\/alfaloc.pt\/es\/#website"},"primaryImageOfPage":{"@id":"https:\/\/alfaloc.pt\/es\/solicitar-certificado-ambiental\/#primaryimage"},"image":{"@id":"https:\/\/alfaloc.pt\/es\/solicitar-certificado-ambiental\/#primaryimage"},"thumbnailUrl":"https:\/\/alfaloc.pt\/wp-content\/uploads\/2024\/07\/alfaloc-certificado-ambiental-banner.jpg","datePublished":"2024-07-04T15:21:20+00:00","dateModified":"2025-02-04T15:25:56+00:00","description":"El certificado ambiental alfaloc refleja la informaci\u00f3n sobre las emisiones de CO2 resultantes de los env\u00edos de su empresa durante el \u00faltimo a\u00f1o.","breadcrumb":{"@id":"https:\/\/alfaloc.pt\/es\/solicitar-certificado-ambiental\/#breadcrumb"},"inLanguage":"es","potentialAction":[{"@type":"ReadAction","target":["https:\/\/alfaloc.pt\/es\/solicitar-certificado-ambiental\/"]}]},{"@type":"ImageObject","inLanguage":"es","@id":"https:\/\/alfaloc.pt\/es\/solicitar-certificado-ambiental\/#primaryimage","url":"https:\/\/alfaloc.pt\/wp-content\/uploads\/2024\/07\/alfaloc-certificado-ambiental-banner.jpg","contentUrl":"https:\/\/alfaloc.pt\/wp-content\/uploads\/2024\/07\/alfaloc-certificado-ambiental-banner.jpg","width":1920,"height":432,"caption":"Pegada ambiental Alfaloc"},{"@type":"BreadcrumbList","@id":"https:\/\/alfaloc.pt\/es\/solicitar-certificado-ambiental\/#breadcrumb","itemListElement":[{"@type":"ListItem","position":1,"name":"In\u00edcio","item":"https:\/\/alfaloc.pt\/es\/"},{"@type":"ListItem","position":2,"name":"Solicitar Certificado Ambiental"}]},{"@type":"WebSite","@id":"https:\/\/alfaloc.pt\/es\/#website","url":"https:\/\/alfaloc.pt\/es\/","name":"Alfaloc","description":"","potentialAction":[{"@type":"SearchAction","target":{"@type":"EntryPoint","urlTemplate":"https:\/\/alfaloc.pt\/es\/?s={search_term_string}"},"query-input":{"@type":"PropertyValueSpecification","valueRequired":true,"valueName":"search_term_string"}}],"inLanguage":"es"}]}},"_links":{"self":[{"href":"https:\/\/alfaloc.pt\/es\/wp-json\/wp\/v2\/pages\/11162","targetHints":{"allow":["GET"]}}],"collection":[{"href":"https:\/\/alfaloc.pt\/es\/wp-json\/wp\/v2\/pages"}],"about":[{"href":"https:\/\/alfaloc.pt\/es\/wp-json\/wp\/v2\/types\/page"}],"author":[{"embeddable":true,"href":"https:\/\/alfaloc.pt\/es\/wp-json\/wp\/v2\/users\/1"}],"replies":[{"embeddable":true,"href":"https:\/\/alfaloc.pt\/es\/wp-json\/wp\/v2\/comments?post=11162"}],"version-history":[{"count":2,"href":"https:\/\/alfaloc.pt\/es\/wp-json\/wp\/v2\/pages\/11162\/revisions"}],"predecessor-version":[{"id":11165,"href":"https:\/\/alfaloc.pt\/es\/wp-json\/wp\/v2\/pages\/11162\/revisions\/11165"}],"wp:featuredmedia":[{"embeddable":true,"href":"https:\/\/alfaloc.pt\/es\/wp-json\/wp\/v2\/media\/9924"}],"wp:attachment":[{"href":"https:\/\/alfaloc.pt\/es\/wp-json\/wp\/v2\/media?parent=11162"}],"curies":[{"name":"wp","href":"https:\/\/api.w.org\/{rel}","templated":true}]}}